{"id":441,"date":"2017-01-30T11:18:49","date_gmt":"2017-01-30T10:18:49","guid":{"rendered":"http:\/\/lacentraleinternationalschool.com\/about-us\/"},"modified":"2026-03-19T10:23:17","modified_gmt":"2026-03-19T09:23:17","slug":"a-propos-nous","status":"publish","type":"page","link":"http:\/\/lacentraleinternationalschool.com\/fr\/a-propos-nous\/","title":{"rendered":"A propos nous"},"content":{"rendered":"<p>[vc_row][vc_column][vc_custom_heading text=\u00a0\u00bbL&rsquo;\u00e9cole de mes r\u00eaves, l&rsquo;\u00e9cole intelligente\u00a0\u00bb font_container=\u00a0\u00bbtag:h2|text_align:center\u00a0\u00bb google_fonts=\u00a0\u00bbfont_family:Roboto%3A100%2C100italic%2C300%2C300italic%2Cregular%2Citalic%2C500%2C500italic%2C700%2C700italic%2C900%2C900italic|font_style:400%20regular%3A400%3Anormal\u00a0\u00bb css=\u00a0\u00bb.vc_custom_1621520261249{padding-bottom: 2% !important;}\u00a0\u00bb][vc_column_text]<\/p>\n<p style=\"text-align: center;\">Bienvenue sur le site de \u00ab\u00a0<strong>La centrale bilingual International school<\/strong>\u00ab\u00a0. Nous sommes une \u00e9cole priv\u00e9e bilingue internationale situ\u00e9e \u00e0 Nyalla, \u00e0 800m du complexe sportif Japoma sur la nouvelle avenue, \u00ab\u00a0Entr\u00e9e Chinois\u00a0\u00bb.<\/p>\n<p style=\"text-align: center;\">A \u00ab\u00a0La centrale bilingual International school\u00a0\u00bb, l&rsquo;\u00e9ducation civique et l&rsquo;ouverture sur le monde occupent une place importante dans notre projet \u00e9ducatif innovant, bienveillant et exigeant.<\/p>\n<p style=\"text-align: center;\">L&rsquo;objectif est de permettre \u00e0 nos apprenants d&rsquo;atteindre leur plein potentiel, de s&rsquo;\u00e9panouir dans leur vie d&rsquo;adulte et de faire face aux d\u00e9fis du monde global.<\/p>\n<p>[\/vc_column_text][\/vc_column][\/vc_row][vc_row][vc_column width=\u00a0\u00bb1\/2&Prime;][vc_custom_heading text=\u00a0\u00bbMessage de bienvenue du Directeur\u00a0\u00bb google_fonts=\u00a0\u00bbfont_family:Roboto%3A100%2C100italic%2C300%2C300italic%2Cregular%2Citalic%2C500%2C500italic%2C700%2C700italic%2C900%2C900italic|font_style:400%20regular%3A400%3Anormal\u00a0\u00bb css=\u00a0\u00bb.vc_custom_1621858199446{padding-bottom: 2% !important;}\u00a0\u00bb][vc_column_text]Cher visiteur,<\/p>\n<p>Nous vous souhaitons une chaleureuse bienvenue.<\/p>\n<p>LCBIS, est situ\u00e9 \u00e0 Nyalla un quartier de Douala, la capitale \u00e9conomique de la R\u00e9publique du Cameroun. \u00ab La Centrale Bilingual International School \u00bb est une institution bilingue priv\u00e9e la\u00efque \u00e0 vocation internationale.<\/p>\n<p>Nous sommes au c\u0153ur de l&rsquo;\u00e9ducation et du d\u00e9veloppement du potentiel de nos apprenants. Ici, nous accueillons les apprenants nationaux et internationaux.<\/p>\n<p>Notre caract\u00e8re unique d\u00e9coule du fait que nous modelons nos apprenants en tant que citoyens du monde capables de jouer un r\u00f4le primordial et significatif dans la soci\u00e9t\u00e9 de demain.<\/p>\n<p>Afin de r\u00e9pondre aux objectifs susmentionn\u00e9s\u00a0:<\/p>\n<p>Nous inculquons \u00e0 nos apprenants des valeurs d&rsquo;organisation de leur vie et de leurs actions afin qu&rsquo;ils puissent tirer un maximum de plaisir tout en prenant en consid\u00e9ration les autres et le monde qui les entoure.<\/p>\n<p>Nous d\u00e9veloppons chez nos apprenants le sens de la responsabilit\u00e9 et du respect..<\/p>\n<p>Nous facilitions l&rsquo;\u00e9panouissement et le d\u00e9veloppement du potentiel maximum de nos apprenants.[\/vc_column_text][\/vc_column][vc_column width=\u00a0\u00bb1\/2&Prime;][vc_empty_space][vc_single_image image=\u00a0\u00bb649&Prime; img_size=\u00a0\u00bbfull\u00a0\u00bb alignment=\u00a0\u00bbcenter\u00a0\u00bb style=\u00a0\u00bbvc_box_circle_2&Prime; css_animation=\u00a0\u00bbfadeIn\u00a0\u00bb][vc_custom_heading text=\u00a0\u00bbTEBI ANYAM PAUL (Directeur)\u00a0\u00bb font_container=\u00a0\u00bbtag:h2|text_align:center\u00a0\u00bb google_fonts=\u00a0\u00bbfont_family:Roboto%3A100%2C100italic%2C300%2C300italic%2Cregular%2Citalic%2C500%2C500italic%2C700%2C700italic%2C900%2C900italic|font_style:400%20regular%3A400%3Anormal\u00a0\u00bb][\/vc_column][vc_column][vc_column_text]Nous appliquons le programme national du Cameroun. Notre personnel con\u00e7oit des le\u00e7ons qui engagent et galvanisent les apprenants. Pour y parvenir, nos animateurs les accompagnent dans la r\u00e9flexion critique et les comp\u00e9tences d&rsquo;apprentissage qui les accompagneront tout au long de leur future vie.<\/p>\n<p>Nous croyons fermement que l&rsquo;exp\u00e9rience \u00e9ducative va au-del\u00e0 de la salle de classe. C\u2019est pourquoi nous avons un large \u00e9ventail d&rsquo;activit\u00e9s parascolaires pour nos apprenants telles que la musique, les arts, le design, les premiers soins pour n&rsquo;en nommer que quelques-unes.<\/p>\n<p>Nous nous r\u00e9jouissons de vous accueillir et de recevoir vos demandes.[\/vc_column_text][\/vc_column][\/vc_row][vc_row][vc_column width=\u00a0\u00bb1\/2&Prime;][vc_single_image image=\u00a0\u00bb575&Prime; img_size=\u00a0\u00bbfull\u00a0\u00bb css_animation=\u00a0\u00bbfadeIn\u00a0\u00bb css=\u00a0\u00bb.vc_custom_1689767719646{margin-bottom: 25px !important;}\u00a0\u00bb][vc_custom_heading text=\u00a0\u00bbNotre Vision\u00a0\u00bb font_container=\u00a0\u00bbtag:h4|text_align:left\u00a0\u00bb use_theme_fonts=\u00a0\u00bbyes\u00a0\u00bb][vc_column_text css=\u00a0\u00bb.vc_custom_1689767500705{padding-right: 20px !important;}\u00a0\u00bb]\u00c9tant au centre de l&rsquo;\u00e9ducation, \u00ab\u00a0La Centrale Bilingual International School (LCBIS) aide les \u00e9l\u00e8ves \u00e0 atteindre leur potentiel maximal. Nous assurons la formation n\u00e9cessaire \u00e0 nos apprenants en tant que citoyens du monde capables de jouer un r\u00f4le important et significatif dans la soci\u00e9t\u00e9 de demain.[\/vc_column_text][\/vc_column][vc_column width=\u00a0\u00bb1\/2&Prime; css=\u00a0\u00bb.vc_custom_1459416622945{margin-bottom: 30px !important;}\u00a0\u00bb][vc_single_image image=\u00a0\u00bb306&Prime; img_size=\u00a0\u00bbfull\u00a0\u00bb onclick=\u00a0\u00bbzoom\u00a0\u00bb css_animation=\u00a0\u00bbfadeIn\u00a0\u00bb css=\u00a0\u00bb.vc_custom_1620055321228{margin-bottom: 25px !important;}\u00a0\u00bb][vc_custom_heading text=\u00a0\u00bbNotre Mission\u00a0\u00bb font_container=\u00a0\u00bbtag:h4|text_align:left\u00a0\u00bb use_theme_fonts=\u00a0\u00bbyes\u00a0\u00bb][vc_column_text css=\u00a0\u00bb.vc_custom_1621858511379{padding-right: 20px !important;}\u00a0\u00bb]Notre ambition est d&rsquo;inculquer les valeurs suivantes par la transmission et l&rsquo;exemplarit\u00e9\u00a0:<\/p>\n<ul>\n<li>Ouverture et respect des diff\u00e9rences (Nous consid\u00e9rons la diversit\u00e9 comme un atout)<\/li>\n<li>Solidarit\u00e9 et altruisme<\/li>\n<li>Autonomie et libert\u00e9<\/li>\n<li>Collaboration et interd\u00e9pendance.<\/li>\n<\/ul>\n<p>[\/vc_column_text][\/vc_column][\/vc_row]<\/p>\n","protected":false},"excerpt":{"rendered":"<p>[vc_row][vc_column][vc_custom_heading text=\u00a0\u00bbL&rsquo;\u00e9cole de mes r\u00eaves, l&rsquo;\u00e9cole intelligente\u00a0\u00bb font_container=\u00a0\u00bbtag:h2|text_align:center\u00a0\u00bb google_fonts=\u00a0\u00bbfont_family:Roboto%3A100%2C100italic%2C300%2C300italic%2Cregular%2Citalic%2C500%2C500italic%2C700%2C700italic%2C900%2C900italic|font_style:400%20regular%3A400%3Anormal\u00a0\u00bb css=\u00a0\u00bb.vc_custom_1621520261249{padding-bottom: 2% !important;}\u00a0\u00bb][vc_column_text] Bienvenue sur le site de \u00ab\u00a0La centrale bilingual International school\u00ab\u00a0. Nous sommes une \u00e9cole priv\u00e9e bilingue internationale situ\u00e9e \u00e0 Nyalla, \u00e0 800m du complexe sportif Japoma sur la&nbsp;<a href=\"http:\/\/lacentraleinternationalschool.com\/fr\/a-propos-nous\/\">&hellip;<\/a><\/p>\n","protected":false},"author":1,"featured_media":0,"parent":0,"menu_order":0,"comment_status":"closed","ping_status":"closed","template":"template-fullwidth.php","meta":{"ngg_post_thumbnail":0,"footnotes":""},"class_list":["post-441","page","type-page","status-publish","hentry","odd"],"yoast_head":"<!-- This site is optimized with the Yoast SEO plugin v22.8 - https:\/\/yoast.com\/wordpress\/plugins\/seo\/ -->\n<title>A propos nous - Lacentrale Bilingual International School<\/title>\n<meta name=\"robots\" content=\"index, follow, max-snippet:-1, max-image-preview:large, max-video-preview:-1\" \/>\n<link rel=\"canonical\" href=\"http:\/\/lacentraleinternationalschool.com\/fr\/a-propos-nous\/\" \/>\n<meta property=\"og:locale\" content=\"fr_FR\" \/>\n<meta property=\"og:type\" content=\"article\" \/>\n<meta property=\"og:title\" content=\"A propos nous - Lacentrale Bilingual International School\" \/>\n<meta property=\"og:description\" content=\"[vc_row][vc_column][vc_custom_heading text=\u00a0\u00bbL&rsquo;\u00e9cole de mes r\u00eaves, l&rsquo;\u00e9cole intelligente\u00a0\u00bb font_container=\u00a0\u00bbtag:h2|text_align:center\u00a0\u00bb google_fonts=\u00a0\u00bbfont_family:Roboto%3A100%2C100italic%2C300%2C300italic%2Cregular%2Citalic%2C500%2C500italic%2C700%2C700italic%2C900%2C900italic|font_style:400%20regular%3A400%3Anormal\u00a0\u00bb css=\u00a0\u00bb.vc_custom_1621520261249{padding-bottom: 2% !important;}\u00a0\u00bb][vc_column_text] Bienvenue sur le site de \u00ab\u00a0La centrale bilingual International school\u00ab\u00a0. Nous sommes une \u00e9cole priv\u00e9e bilingue internationale situ\u00e9e \u00e0 Nyalla, \u00e0 800m du complexe sportif Japoma sur la&nbsp;&hellip;\" \/>\n<meta property=\"og:url\" content=\"http:\/\/lacentraleinternationalschool.com\/fr\/a-propos-nous\/\" \/>\n<meta property=\"og:site_name\" content=\"Lacentrale Bilingual International School\" \/>\n<meta property=\"article:modified_time\" content=\"2026-03-19T09:23:17+00:00\" \/>\n<meta name=\"twitter:card\" content=\"summary_large_image\" \/>\n<meta name=\"twitter:label1\" content=\"Dur\u00e9e de lecture estim\u00e9e\" \/>\n\t<meta name=\"twitter:data1\" content=\"4 minutes\" \/>\n<script type=\"application\/ld+json\" class=\"yoast-schema-graph\">{\"@context\":\"https:\/\/schema.org\",\"@graph\":[{\"@type\":\"WebPage\",\"@id\":\"http:\/\/lacentraleinternationalschool.com\/fr\/a-propos-nous\/\",\"url\":\"http:\/\/lacentraleinternationalschool.com\/fr\/a-propos-nous\/\",\"name\":\"A propos nous - Lacentrale Bilingual International School\",\"isPartOf\":{\"@id\":\"http:\/\/lacentraleinternationalschool.com\/#website\"},\"datePublished\":\"2017-01-30T10:18:49+00:00\",\"dateModified\":\"2026-03-19T09:23:17+00:00\",\"breadcrumb\":{\"@id\":\"http:\/\/lacentraleinternationalschool.com\/fr\/a-propos-nous\/#breadcrumb\"},\"inLanguage\":\"fr-FR\",\"potentialAction\":[{\"@type\":\"ReadAction\",\"target\":[\"http:\/\/lacentraleinternationalschool.com\/fr\/a-propos-nous\/\"]}]},{\"@type\":\"BreadcrumbList\",\"@id\":\"http:\/\/lacentraleinternationalschool.com\/fr\/a-propos-nous\/#breadcrumb\",\"itemListElement\":[{\"@type\":\"ListItem\",\"position\":1,\"name\":\"Home\",\"item\":\"https:\/\/lacentraleinternationalschool.com\/fr\/\"},{\"@type\":\"ListItem\",\"position\":2,\"name\":\"A propos nous\"}]},{\"@type\":\"WebSite\",\"@id\":\"http:\/\/lacentraleinternationalschool.com\/#website\",\"url\":\"http:\/\/lacentraleinternationalschool.com\/\",\"name\":\"Lacentrale Bilingual International School\",\"description\":\"Welcome to LCBIS\",\"potentialAction\":[{\"@type\":\"SearchAction\",\"target\":{\"@type\":\"EntryPoint\",\"urlTemplate\":\"http:\/\/lacentraleinternationalschool.com\/?s={search_term_string}\"},\"query-input\":\"required name=search_term_string\"}],\"inLanguage\":\"fr-FR\"}]}<\/script>\n<!-- \/ Yoast SEO plugin. -->","yoast_head_json":{"title":"A propos nous - Lacentrale Bilingual International School","robots":{"index":"index","follow":"follow","max-snippet":"max-snippet:-1","max-image-preview":"max-image-preview:large","max-video-preview":"max-video-preview:-1"},"canonical":"http:\/\/lacentraleinternationalschool.com\/fr\/a-propos-nous\/","og_locale":"fr_FR","og_type":"article","og_title":"A propos nous - Lacentrale Bilingual International School","og_description":"[vc_row][vc_column][vc_custom_heading text=\u00a0\u00bbL&rsquo;\u00e9cole de mes r\u00eaves, l&rsquo;\u00e9cole intelligente\u00a0\u00bb font_container=\u00a0\u00bbtag:h2|text_align:center\u00a0\u00bb google_fonts=\u00a0\u00bbfont_family:Roboto%3A100%2C100italic%2C300%2C300italic%2Cregular%2Citalic%2C500%2C500italic%2C700%2C700italic%2C900%2C900italic|font_style:400%20regular%3A400%3Anormal\u00a0\u00bb css=\u00a0\u00bb.vc_custom_1621520261249{padding-bottom: 2% !important;}\u00a0\u00bb][vc_column_text] Bienvenue sur le site de \u00ab\u00a0La centrale bilingual International school\u00ab\u00a0. Nous sommes une \u00e9cole priv\u00e9e bilingue internationale situ\u00e9e \u00e0 Nyalla, \u00e0 800m du complexe sportif Japoma sur la&nbsp;&hellip;","og_url":"http:\/\/lacentraleinternationalschool.com\/fr\/a-propos-nous\/","og_site_name":"Lacentrale Bilingual International School","article_modified_time":"2026-03-19T09:23:17+00:00","twitter_card":"summary_large_image","twitter_misc":{"Dur\u00e9e de lecture estim\u00e9e":"4 minutes"},"schema":{"@context":"https:\/\/schema.org","@graph":[{"@type":"WebPage","@id":"http:\/\/lacentraleinternationalschool.com\/fr\/a-propos-nous\/","url":"http:\/\/lacentraleinternationalschool.com\/fr\/a-propos-nous\/","name":"A propos nous - Lacentrale Bilingual International School","isPartOf":{"@id":"http:\/\/lacentraleinternationalschool.com\/#website"},"datePublished":"2017-01-30T10:18:49+00:00","dateModified":"2026-03-19T09:23:17+00:00","breadcrumb":{"@id":"http:\/\/lacentraleinternationalschool.com\/fr\/a-propos-nous\/#breadcrumb"},"inLanguage":"fr-FR","potentialAction":[{"@type":"ReadAction","target":["http:\/\/lacentraleinternationalschool.com\/fr\/a-propos-nous\/"]}]},{"@type":"BreadcrumbList","@id":"http:\/\/lacentraleinternationalschool.com\/fr\/a-propos-nous\/#breadcrumb","itemListElement":[{"@type":"ListItem","position":1,"name":"Home","item":"https:\/\/lacentraleinternationalschool.com\/fr\/"},{"@type":"ListItem","position":2,"name":"A propos nous"}]},{"@type":"WebSite","@id":"http:\/\/lacentraleinternationalschool.com\/#website","url":"http:\/\/lacentraleinternationalschool.com\/","name":"Lacentrale Bilingual International School","description":"Welcome to LCBIS","potentialAction":[{"@type":"SearchAction","target":{"@type":"EntryPoint","urlTemplate":"http:\/\/lacentraleinternationalschool.com\/?s={search_term_string}"},"query-input":"required name=search_term_string"}],"inLanguage":"fr-FR"}]}},"_links":{"self":[{"href":"http:\/\/lacentraleinternationalschool.com\/fr\/wp-json\/wp\/v2\/pages\/441","targetHints":{"allow":["GET"]}}],"collection":[{"href":"http:\/\/lacentraleinternationalschool.com\/fr\/wp-json\/wp\/v2\/pages"}],"about":[{"href":"http:\/\/lacentraleinternationalschool.com\/fr\/wp-json\/wp\/v2\/types\/page"}],"author":[{"embeddable":true,"href":"http:\/\/lacentraleinternationalschool.com\/fr\/wp-json\/wp\/v2\/users\/1"}],"replies":[{"embeddable":true,"href":"http:\/\/lacentraleinternationalschool.com\/fr\/wp-json\/wp\/v2\/comments?post=441"}],"version-history":[{"count":12,"href":"http:\/\/lacentraleinternationalschool.com\/fr\/wp-json\/wp\/v2\/pages\/441\/revisions"}],"predecessor-version":[{"id":879,"href":"http:\/\/lacentraleinternationalschool.com\/fr\/wp-json\/wp\/v2\/pages\/441\/revisions\/879"}],"wp:attachment":[{"href":"http:\/\/lacentraleinternationalschool.com\/fr\/wp-json\/wp\/v2\/media?parent=441"}],"curies":[{"name":"wp","href":"https:\/\/api.w.org\/{rel}","templated":true}]}}