{"id":442,"date":"2017-02-16T13:49:09","date_gmt":"2017-02-16T12:49:09","guid":{"rendered":"http:\/\/lacentraleinternationalschool.com\/academics-2\/"},"modified":"2026-03-19T10:26:13","modified_gmt":"2026-03-19T09:26:13","slug":"projet-academique","status":"publish","type":"page","link":"http:\/\/lacentraleinternationalschool.com\/fr\/projet-academique\/","title":{"rendered":"Projet Acad\u00e9mique"},"content":{"rendered":"<p>[vc_row css=\u00a0\u00bb.vc_custom_1487254495680{margin-bottom: 20px !important;}\u00a0\u00bb][vc_column css=\u00a0\u00bb.vc_custom_1490084817981{margin-bottom: 0px !important;}\u00a0\u00bb][vc_custom_heading text=\u00a0\u00bbNotre projet acad\u00e9mique\u00a0\u00bb font_container=\u00a0\u00bbtag:h1|text_align:left\u00a0\u00bb use_theme_fonts=\u00a0\u00bbyes\u00a0\u00bb css=\u00a0\u00bb.vc_custom_1650314292894{margin-top: 0px !important;margin-bottom: 20px !important;}\u00a0\u00bb][vc_column_text css=\u00a0\u00bb.vc_custom_1773912317147{margin-bottom: 0px !important;}\u00a0\u00bb]Nous acceptons les enfants de la maternelle au CM2 et \u00ab Grade 6 \u00bb. La taille des classes est limit\u00e9e \u00e0 15 par classe, chacune d\u2019elles \u00e9tant dot\u00e9e d&rsquo;un enseignant assistant. Nous proposons un syst\u00e8me \u00e9ducatif diversifi\u00e9, compos\u00e9 de &nbsp;: un sous-syst\u00e8me \u00e9ducatif anglophone dans lequel les le\u00e7ons sont enseign\u00e9es en anglais ; un sous-syst\u00e8me \u00e9ducatif francophone dans lequel les le\u00e7ons sont enseign\u00e9es en fran\u00e7ais &nbsp;; et un syst\u00e8me bilingue dans lequel les le\u00e7ons sont dispens\u00e9es \u00e0 la fois en fran\u00e7ais et en anglais, en fonction des programmes des sous-syst\u00e8mes \u00e9ducatifs respectifs.<\/p>\n<p>Nous utilisons \u00e9galement une approche p\u00e9dagogique innovante, adapt\u00e9e et personnalis\u00e9e (Montessori). Les enfants ayant des difficult\u00e9s d&rsquo;apprentissage b\u00e9n\u00e9ficient d&rsquo;un soutien scolaire renforc\u00e9.[\/vc_column_text][\/vc_column][\/vc_row][vc_row][vc_column css=\u00a0\u00bb.vc_custom_1490170405185{margin-bottom: 0px !important;}\u00a0\u00bb][vc_separator border_width=\u00a0\u00bb4&Prime;][\/vc_column][\/vc_row][vc_row css=\u00a0\u00bb.vc_custom_1487254495680{margin-bottom: 20px !important;}\u00a0\u00bb][vc_column css=\u00a0\u00bb.vc_custom_1490084817981{margin-bottom: 0px !important;}\u00a0\u00bb][vc_custom_heading text=\u00a0\u00bbNos atouts comme votre meilleur partenaire p\u00e9dagogique \u00a0\u00bb font_container=\u00a0\u00bbtag:h1|text_align:left\u00a0\u00bb use_theme_fonts=\u00a0\u00bbyes\u00a0\u00bb css=\u00a0\u00bb.vc_custom_1621870379729{margin-top: 0px !important;margin-bottom: 20px !important;}\u00a0\u00bb][vc_column_text css=\u00a0\u00bb.vc_custom_1773912361180{margin-bottom: 0px !important;}\u00a0\u00bb]<\/p>\n<ul>\n<li>Notre personnel est compos\u00e9 d&rsquo;enseignants chevronn\u00e9s, professionnellement form\u00e9s, avec au moins un dipl\u00f4me sp\u00e9cialis\u00e9 en \u00e9ducation, et au moins cinq (05) ans d&rsquo;exp\u00e9rience professionnelle acquise dans des \u00e9coles nationales et internationales prestigieuses. De plus, nos enseignants sont continuellement recycl\u00e9s pour leur permettre de s\u2019adapter aux changements \u00e9volutifs du syst\u00e8me \u00e9ducatif et ainsi disposer d\u2019un savoir \u00e0 jour.<\/li>\n<li>Avec un nombre maximal de 15 \u00e9l\u00e8ves par classe, chaque apprenant b\u00e9n\u00e9ficie d\u2019une attention personnelle de ses enseignants.<\/li>\n<li>Nous accueillons les apprenants nationaux et internationaux ind\u00e9pendamment de leurs origines religieuses et culturelles.<\/li>\n<li>Nous fournissons un soutien sp\u00e9cial pour des cas particuliers d&rsquo;\u00e9l\u00e8ves en difficult\u00e9.<\/li>\n<li>Nous offrons un environnement multiculturel qui permet \u00e0 nos apprenants de se socialiser dans le monde imbriqu\u00e9 dans lequel ils se trouvent.<\/li>\n<\/ul>\n<p>[\/vc_column_text][\/vc_column][\/vc_row]<\/p>\n","protected":false},"excerpt":{"rendered":"<p>[vc_row css=\u00a0\u00bb.vc_custom_1487254495680{margin-bottom: 20px !important;}\u00a0\u00bb][vc_column css=\u00a0\u00bb.vc_custom_1490084817981{margin-bottom: 0px !important;}\u00a0\u00bb][vc_custom_heading text=\u00a0\u00bbNotre projet acad\u00e9mique\u00a0\u00bb font_container=\u00a0\u00bbtag:h1|text_align:left\u00a0\u00bb use_theme_fonts=\u00a0\u00bbyes\u00a0\u00bb css=\u00a0\u00bb.vc_custom_1650314292894{margin-top: 0px !important;margin-bottom: 20px !important;}\u00a0\u00bb][vc_column_text css=\u00a0\u00bb.vc_custom_1773912317147{margin-bottom: 0px !important;}\u00a0\u00bb]Nous acceptons les enfants de la maternelle au CM2 et \u00ab Grade 6 \u00bb. La taille des classes est limit\u00e9e \u00e0&nbsp;<a href=\"http:\/\/lacentraleinternationalschool.com\/fr\/projet-academique\/\">&hellip;<\/a><\/p>\n","protected":false},"author":1,"featured_media":0,"parent":0,"menu_order":4,"comment_status":"closed","ping_status":"closed","template":"template-fullwidth.php","meta":{"ngg_post_thumbnail":0,"footnotes":""},"class_list":["post-442","page","type-page","status-publish","hentry","odd"],"yoast_head":"<!-- This site is optimized with the Yoast SEO plugin v22.8 - https:\/\/yoast.com\/wordpress\/plugins\/seo\/ -->\n<title>Projet Acad\u00e9mique - Lacentrale Bilingual International School<\/title>\n<meta name=\"robots\" content=\"index, follow, max-snippet:-1, max-image-preview:large, max-video-preview:-1\" \/>\n<link rel=\"canonical\" href=\"https:\/\/lacentraleinternationalschool.com\/fr\/projet-academique\/\" \/>\n<meta property=\"og:locale\" content=\"fr_FR\" \/>\n<meta property=\"og:type\" content=\"article\" \/>\n<meta property=\"og:title\" content=\"Projet Acad\u00e9mique - Lacentrale Bilingual International School\" \/>\n<meta property=\"og:description\" content=\"[vc_row css=\u00a0\u00bb.vc_custom_1487254495680{margin-bottom: 20px !important;}\u00a0\u00bb][vc_column css=\u00a0\u00bb.vc_custom_1490084817981{margin-bottom: 0px !important;}\u00a0\u00bb][vc_custom_heading text=\u00a0\u00bbNotre projet acad\u00e9mique\u00a0\u00bb font_container=\u00a0\u00bbtag:h1|text_align:left\u00a0\u00bb use_theme_fonts=\u00a0\u00bbyes\u00a0\u00bb css=\u00a0\u00bb.vc_custom_1650314292894{margin-top: 0px !important;margin-bottom: 20px !important;}\u00a0\u00bb][vc_column_text css=\u00a0\u00bb.vc_custom_1773912317147{margin-bottom: 0px !important;}\u00a0\u00bb]Nous acceptons les enfants de la maternelle au CM2 et \u00ab Grade 6 \u00bb. La taille des classes est limit\u00e9e \u00e0&nbsp;&hellip;\" \/>\n<meta property=\"og:url\" content=\"https:\/\/lacentraleinternationalschool.com\/fr\/projet-academique\/\" \/>\n<meta property=\"og:site_name\" content=\"Lacentrale Bilingual International School\" \/>\n<meta property=\"article:modified_time\" content=\"2026-03-19T09:26:13+00:00\" \/>\n<meta name=\"twitter:card\" content=\"summary_large_image\" \/>\n<meta name=\"twitter:label1\" content=\"Dur\u00e9e de lecture estim\u00e9e\" \/>\n\t<meta name=\"twitter:data1\" content=\"2 minutes\" \/>\n<script type=\"application\/ld+json\" class=\"yoast-schema-graph\">{\"@context\":\"https:\/\/schema.org\",\"@graph\":[{\"@type\":\"WebPage\",\"@id\":\"https:\/\/lacentraleinternationalschool.com\/fr\/projet-academique\/\",\"url\":\"https:\/\/lacentraleinternationalschool.com\/fr\/projet-academique\/\",\"name\":\"Projet Acad\u00e9mique - Lacentrale Bilingual International School\",\"isPartOf\":{\"@id\":\"http:\/\/lacentraleinternationalschool.com\/#website\"},\"datePublished\":\"2017-02-16T12:49:09+00:00\",\"dateModified\":\"2026-03-19T09:26:13+00:00\",\"breadcrumb\":{\"@id\":\"https:\/\/lacentraleinternationalschool.com\/fr\/projet-academique\/#breadcrumb\"},\"inLanguage\":\"fr-FR\",\"potentialAction\":[{\"@type\":\"ReadAction\",\"target\":[\"https:\/\/lacentraleinternationalschool.com\/fr\/projet-academique\/\"]}]},{\"@type\":\"BreadcrumbList\",\"@id\":\"https:\/\/lacentraleinternationalschool.com\/fr\/projet-academique\/#breadcrumb\",\"itemListElement\":[{\"@type\":\"ListItem\",\"position\":1,\"name\":\"Home\",\"item\":\"https:\/\/lacentraleinternationalschool.com\/fr\/\"},{\"@type\":\"ListItem\",\"position\":2,\"name\":\"Projet Acad\u00e9mique\"}]},{\"@type\":\"WebSite\",\"@id\":\"http:\/\/lacentraleinternationalschool.com\/#website\",\"url\":\"http:\/\/lacentraleinternationalschool.com\/\",\"name\":\"Lacentrale Bilingual International School\",\"description\":\"Welcome to LCBIS\",\"potentialAction\":[{\"@type\":\"SearchAction\",\"target\":{\"@type\":\"EntryPoint\",\"urlTemplate\":\"http:\/\/lacentraleinternationalschool.com\/?s={search_term_string}\"},\"query-input\":\"required name=search_term_string\"}],\"inLanguage\":\"fr-FR\"}]}<\/script>\n<!-- \/ Yoast SEO plugin. -->","yoast_head_json":{"title":"Projet Acad\u00e9mique - Lacentrale Bilingual International School","robots":{"index":"index","follow":"follow","max-snippet":"max-snippet:-1","max-image-preview":"max-image-preview:large","max-video-preview":"max-video-preview:-1"},"canonical":"https:\/\/lacentraleinternationalschool.com\/fr\/projet-academique\/","og_locale":"fr_FR","og_type":"article","og_title":"Projet Acad\u00e9mique - Lacentrale Bilingual International School","og_description":"[vc_row css=\u00a0\u00bb.vc_custom_1487254495680{margin-bottom: 20px !important;}\u00a0\u00bb][vc_column css=\u00a0\u00bb.vc_custom_1490084817981{margin-bottom: 0px !important;}\u00a0\u00bb][vc_custom_heading text=\u00a0\u00bbNotre projet acad\u00e9mique\u00a0\u00bb font_container=\u00a0\u00bbtag:h1|text_align:left\u00a0\u00bb use_theme_fonts=\u00a0\u00bbyes\u00a0\u00bb css=\u00a0\u00bb.vc_custom_1650314292894{margin-top: 0px !important;margin-bottom: 20px !important;}\u00a0\u00bb][vc_column_text css=\u00a0\u00bb.vc_custom_1773912317147{margin-bottom: 0px !important;}\u00a0\u00bb]Nous acceptons les enfants de la maternelle au CM2 et \u00ab Grade 6 \u00bb. La taille des classes est limit\u00e9e \u00e0&nbsp;&hellip;","og_url":"https:\/\/lacentraleinternationalschool.com\/fr\/projet-academique\/","og_site_name":"Lacentrale Bilingual International School","article_modified_time":"2026-03-19T09:26:13+00:00","twitter_card":"summary_large_image","twitter_misc":{"Dur\u00e9e de lecture estim\u00e9e":"2 minutes"},"schema":{"@context":"https:\/\/schema.org","@graph":[{"@type":"WebPage","@id":"https:\/\/lacentraleinternationalschool.com\/fr\/projet-academique\/","url":"https:\/\/lacentraleinternationalschool.com\/fr\/projet-academique\/","name":"Projet Acad\u00e9mique - Lacentrale Bilingual International School","isPartOf":{"@id":"http:\/\/lacentraleinternationalschool.com\/#website"},"datePublished":"2017-02-16T12:49:09+00:00","dateModified":"2026-03-19T09:26:13+00:00","breadcrumb":{"@id":"https:\/\/lacentraleinternationalschool.com\/fr\/projet-academique\/#breadcrumb"},"inLanguage":"fr-FR","potentialAction":[{"@type":"ReadAction","target":["https:\/\/lacentraleinternationalschool.com\/fr\/projet-academique\/"]}]},{"@type":"BreadcrumbList","@id":"https:\/\/lacentraleinternationalschool.com\/fr\/projet-academique\/#breadcrumb","itemListElement":[{"@type":"ListItem","position":1,"name":"Home","item":"https:\/\/lacentraleinternationalschool.com\/fr\/"},{"@type":"ListItem","position":2,"name":"Projet Acad\u00e9mique"}]},{"@type":"WebSite","@id":"http:\/\/lacentraleinternationalschool.com\/#website","url":"http:\/\/lacentraleinternationalschool.com\/","name":"Lacentrale Bilingual International School","description":"Welcome to LCBIS","potentialAction":[{"@type":"SearchAction","target":{"@type":"EntryPoint","urlTemplate":"http:\/\/lacentraleinternationalschool.com\/?s={search_term_string}"},"query-input":"required name=search_term_string"}],"inLanguage":"fr-FR"}]}},"_links":{"self":[{"href":"http:\/\/lacentraleinternationalschool.com\/fr\/wp-json\/wp\/v2\/pages\/442","targetHints":{"allow":["GET"]}}],"collection":[{"href":"http:\/\/lacentraleinternationalschool.com\/fr\/wp-json\/wp\/v2\/pages"}],"about":[{"href":"http:\/\/lacentraleinternationalschool.com\/fr\/wp-json\/wp\/v2\/types\/page"}],"author":[{"embeddable":true,"href":"http:\/\/lacentraleinternationalschool.com\/fr\/wp-json\/wp\/v2\/users\/1"}],"replies":[{"embeddable":true,"href":"http:\/\/lacentraleinternationalschool.com\/fr\/wp-json\/wp\/v2\/comments?post=442"}],"version-history":[{"count":4,"href":"http:\/\/lacentraleinternationalschool.com\/fr\/wp-json\/wp\/v2\/pages\/442\/revisions"}],"predecessor-version":[{"id":880,"href":"http:\/\/lacentraleinternationalschool.com\/fr\/wp-json\/wp\/v2\/pages\/442\/revisions\/880"}],"wp:attachment":[{"href":"http:\/\/lacentraleinternationalschool.com\/fr\/wp-json\/wp\/v2\/media?parent=442"}],"curies":[{"name":"wp","href":"https:\/\/api.w.org\/{rel}","templated":true}]}}